{"id":2404,"date":"2022-08-27T12:04:55","date_gmt":"2022-08-27T10:04:55","guid":{"rendered":"https:\/\/pascalaussi.fr\/?page_id=2404"},"modified":"2025-12-12T10:47:53","modified_gmt":"2025-12-12T09:47:53","slug":"la-ferme-lettre-ouverte-aux-animaux","status":"publish","type":"page","link":"https:\/\/pascalaussi.fr\/index.php\/la-ferme-lettre-ouverte-aux-animaux\/","title":{"rendered":"La ferme ! (Lettre ouverte aux animaux)"},"content":{"rendered":"\n<p class=\"has-text-align-center\" style=\"font-size:16px\">Animal, animaux<br>C\u2019est un probl\u00e8me qu\u2019on partage<br>Le mal qu\u2019on a avec les mots<br>Toi, mutisme et moi, bavardage<\/p>\n\n\n\n<p class=\"has-text-align-center\" style=\"font-size:16px\">Nous humains, la salive<br>Voil\u00e0 avec quoi on se fait<br>On se gargarise, enjolive<br>Les propos dont on se rev\u00eat<\/p>\n\n\n\n<p class=\"has-text-align-center\" style=\"font-size:16px\">Faut noyer le poisson<br>De nos origines des \u00e2ges<br>Toi, au mieux tu lib\u00e8res un son<br>Quand moi je d\u00e9livre un message<\/p>\n\n\n\n<p class=\"has-text-align-center\" style=\"font-size:16px\">On s\u2019en donne du mal<br>Pour ne pas para\u00eetre ordinaire<br>Comme toi, si b\u00eate, animal<br>Hou&nbsp;! Sans \u00e2me et sans dictionnaire<\/p>\n\n\n\n<p class=\"has-text-align-center\" style=\"font-size:16px\">Naturel au galop<br>\u00c7a me monte dans la poitrine<br>Jusqu\u2019\u00e0 \u00e9clater en sanglot<br>Comme se brise une vitrine<\/p>\n\n\n\n<p class=\"has-text-align-center\" style=\"font-size:16px\">Car au bout de l\u2019histoire<br>En vrai qu\u2019ai-je fait de la Terre<br>Tout m\u2019y semble un vaste abattoir<br>Qui me donne envie de me taire<\/p>\n\n\n<div class=\"wp-block-image\">\n<figure class=\"aligncenter size-large is-resized\"><img decoding=\"async\" loading=\"lazy\" src=\"https:\/\/pascalaussi.fr\/wp-content\/uploads\/2016\/11\/images-1.png\" alt=\"\" class=\"wp-image-553\" width=\"79\" height=\"84\"\/><\/figure><\/div>\n\n\n<p class=\"has-text-align-center\"><em>Paroles : Pascal AUSSI<\/em><\/p>\n","protected":false},"excerpt":{"rendered":"<p>Animal, animauxC\u2019est un probl\u00e8me qu\u2019on partageLe mal qu\u2019on a avec les motsToi, mutisme et moi, bavardage Nous humains, la saliveVoil\u00e0 avec quoi on se faitOn se gargarise, enjoliveLes propos dont on se rev\u00eat Faut noyer le poissonDe nos origines des \u00e2gesToi, au mieux tu lib\u00e8res un sonQuand moi je d\u00e9livre un message On s\u2019en donne &hellip; <a href=\"https:\/\/pascalaussi.fr\/index.php\/la-ferme-lettre-ouverte-aux-animaux\/\" class=\"more-link\">Continuer la lecture de <span class=\"screen-reader-text\">La ferme ! (Lettre ouverte aux animaux)<\/span><\/a><\/p>\n","protected":false},"author":2,"featured_media":0,"parent":0,"menu_order":0,"comment_status":"closed","ping_status":"closed","template":"","meta":[],"_links":{"self":[{"href":"https:\/\/pascalaussi.fr\/index.php\/wp-json\/wp\/v2\/pages\/2404"}],"collection":[{"href":"https:\/\/pascalaussi.fr\/index.php\/wp-json\/wp\/v2\/pages"}],"about":[{"href":"https:\/\/pascalaussi.fr\/index.php\/wp-json\/wp\/v2\/types\/page"}],"author":[{"embeddable":true,"href":"https:\/\/pascalaussi.fr\/index.php\/wp-json\/wp\/v2\/users\/2"}],"replies":[{"embeddable":true,"href":"https:\/\/pascalaussi.fr\/index.php\/wp-json\/wp\/v2\/comments?post=2404"}],"version-history":[{"count":4,"href":"https:\/\/pascalaussi.fr\/index.php\/wp-json\/wp\/v2\/pages\/2404\/revisions"}],"predecessor-version":[{"id":4851,"href":"https:\/\/pascalaussi.fr\/index.php\/wp-json\/wp\/v2\/pages\/2404\/revisions\/4851"}],"wp:attachment":[{"href":"https:\/\/pascalaussi.fr\/index.php\/wp-json\/wp\/v2\/media?parent=2404"}],"curies":[{"name":"wp","href":"https:\/\/api.w.org\/{rel}","templated":true}]}}